{"id":2,"date":"2016-05-10T03:48:21","date_gmt":"2016-05-10T03:48:21","guid":{"rendered":"http:\/\/wp452m.a10-52-158-154.qa.plesk.ru\/wordpress\/?page_id=2"},"modified":"2024-06-10T15:09:30","modified_gmt":"2024-06-10T15:09:30","slug":"sample-page","status":"publish","type":"page","link":"https:\/\/kunst-im-bauwagen.com\/?page_id=2","title":{"rendered":"Meine Werkstatt"},"content":{"rendered":"<p><a href=\"https:\/\/kunst-im-bauwagen.com\/wp-content\/uploads\/2018\/02\/DSCF1793-3.jpg\"><img loading=\"lazy\" class=\"alignnone wp-image-346 \" src=\"https:\/\/kunst-im-bauwagen.com\/wp-content\/uploads\/2018\/02\/DSCF1793-3.jpg\" alt=\"\" width=\"857\" height=\"571\" srcset=\"https:\/\/kunst-im-bauwagen.com\/wp-content\/uploads\/2018\/02\/DSCF1793-3.jpg 5782w, https:\/\/kunst-im-bauwagen.com\/wp-content\/uploads\/2018\/02\/DSCF1793-3-300x200.jpg 300w, https:\/\/kunst-im-bauwagen.com\/wp-content\/uploads\/2018\/02\/DSCF1793-3-768x512.jpg 768w, https:\/\/kunst-im-bauwagen.com\/wp-content\/uploads\/2018\/02\/DSCF1793-3-1024x683.jpg 1024w\" sizes=\"(max-width: 857px) 100vw, 857px\" \/><\/a><\/p>\n<p>Die Arbeit mit Ton begleitet mich schon seit \u00fcber 20 Jahren.\u00a0 Im Laufe der Zeit hat sich die anf\u00e4ngliche Faszination durch das Kennenlernen der vielf\u00e4ltigen technischen und gestalterischen M\u00f6glichkeiten dieses Werkstoffes verst\u00e4rkt und zu einer immer st\u00e4rkeren Raum\u00a0 beanspruchenden Besch\u00e4ftigung entwickelt. Durch die ehrenamtliche Mitarbeit als Betreuerin in der T\u00f6pferwerkstatt des E-Werks konnte ich mein Praxiswissen bez\u00fcglich der Organisation und Ausstattung einer Werkstatt, das Best\u00fccken eines Ofen, oder das Anr\u00fchren von Glasuren so weiterentwickeln, so dass ich mich 2015 dazu bereit f\u00fchlte, mir eine eigene Werkstatt zu mieten.<\/p>\n<p>Es war ein gro\u00dfes Gl\u00fcck f\u00fcr mich in der Kunstm\u00fchle in Vach R\u00e4ume f\u00fcr eine kleine Werkstatt und einen Brennofen zu finden.<\/p>\n<p><a href=\"https:\/\/kunst-im-bauwagen.com\/wp-content\/uploads\/2018\/01\/DSC_5791.jpg\"><img loading=\"lazy\" class=\"alignnone wp-image-263\" src=\"https:\/\/kunst-im-bauwagen.com\/wp-content\/uploads\/2018\/01\/DSC_5791-300x200.jpg\" alt=\"\" width=\"443\" height=\"295\" srcset=\"https:\/\/kunst-im-bauwagen.com\/wp-content\/uploads\/2018\/01\/DSC_5791-300x200.jpg 300w, https:\/\/kunst-im-bauwagen.com\/wp-content\/uploads\/2018\/01\/DSC_5791-768x512.jpg 768w, https:\/\/kunst-im-bauwagen.com\/wp-content\/uploads\/2018\/01\/DSC_5791-1024x682.jpg 1024w, https:\/\/kunst-im-bauwagen.com\/wp-content\/uploads\/2018\/01\/DSC_5791.jpg 1280w\" sizes=\"(max-width: 443px) 100vw, 443px\" \/><\/a><a href=\"https:\/\/kunst-im-bauwagen.com\/wp-content\/uploads\/2018\/01\/DSC_5800.jpg\"><img loading=\"lazy\" class=\"alignnone wp-image-266\" src=\"https:\/\/kunst-im-bauwagen.com\/wp-content\/uploads\/2018\/01\/DSC_5800-300x199.jpg\" alt=\"\" width=\"446\" height=\"296\" srcset=\"https:\/\/kunst-im-bauwagen.com\/wp-content\/uploads\/2018\/01\/DSC_5800-300x199.jpg 300w, https:\/\/kunst-im-bauwagen.com\/wp-content\/uploads\/2018\/01\/DSC_5800-768x510.jpg 768w, https:\/\/kunst-im-bauwagen.com\/wp-content\/uploads\/2018\/01\/DSC_5800-1024x680.jpg 1024w, https:\/\/kunst-im-bauwagen.com\/wp-content\/uploads\/2018\/01\/DSC_5800.jpg 1280w\" sizes=\"(max-width: 446px) 100vw, 446px\" \/><\/a><\/p>\n<p>Diese Werkstatt ist mein R\u00fcckzugsraum, meine kreative Schmiede, zwingt mich zur Umsicht und Verantwortung und bietet viel Freude und Anregung durch den Kontakt mit anderen kreativen Menschen.<\/p>\n<p><a href=\"https:\/\/kunst-im-bauwagen.com\/wp-content\/uploads\/2018\/02\/DSCF1662-2.jpg\"><img loading=\"lazy\" class=\"alignnone wp-image-340\" src=\"https:\/\/kunst-im-bauwagen.com\/wp-content\/uploads\/2018\/02\/DSCF1662-2-150x150.jpg\" alt=\"\" width=\"240\" height=\"240\" srcset=\"https:\/\/kunst-im-bauwagen.com\/wp-content\/uploads\/2018\/02\/DSCF1662-2-150x150.jpg 150w, https:\/\/kunst-im-bauwagen.com\/wp-content\/uploads\/2018\/02\/DSCF1662-2-300x300.jpg 300w, https:\/\/kunst-im-bauwagen.com\/wp-content\/uploads\/2018\/02\/DSCF1662-2-768x768.jpg 768w, https:\/\/kunst-im-bauwagen.com\/wp-content\/uploads\/2018\/02\/DSCF1662-2-1024x1024.jpg 1024w, https:\/\/kunst-im-bauwagen.com\/wp-content\/uploads\/2018\/02\/DSCF1662-2-200x200.jpg 200w\" sizes=\"(max-width: 240px) 100vw, 240px\" \/><\/a><img loading=\"lazy\" class=\"alignnone wp-image-339\" src=\"https:\/\/kunst-im-bauwagen.com\/wp-content\/uploads\/2018\/02\/DSCF1653-2-150x150.jpg\" alt=\"\" width=\"239\" height=\"239\" srcset=\"https:\/\/kunst-im-bauwagen.com\/wp-content\/uploads\/2018\/02\/DSCF1653-2-150x150.jpg 150w, https:\/\/kunst-im-bauwagen.com\/wp-content\/uploads\/2018\/02\/DSCF1653-2-300x300.jpg 300w, https:\/\/kunst-im-bauwagen.com\/wp-content\/uploads\/2018\/02\/DSCF1653-2-768x768.jpg 768w, https:\/\/kunst-im-bauwagen.com\/wp-content\/uploads\/2018\/02\/DSCF1653-2-1024x1024.jpg 1024w, https:\/\/kunst-im-bauwagen.com\/wp-content\/uploads\/2018\/02\/DSCF1653-2-200x200.jpg 200w\" sizes=\"(max-width: 239px) 100vw, 239px\" \/><a href=\"https:\/\/kunst-im-bauwagen.com\/wp-content\/uploads\/2018\/02\/DSCF1730-3.jpg\"><img loading=\"lazy\" class=\"alignnone wp-image-342\" src=\"https:\/\/kunst-im-bauwagen.com\/wp-content\/uploads\/2018\/02\/DSCF1730-3-150x150.jpg\" alt=\"\" width=\"238\" height=\"238\" srcset=\"https:\/\/kunst-im-bauwagen.com\/wp-content\/uploads\/2018\/02\/DSCF1730-3-150x150.jpg 150w, https:\/\/kunst-im-bauwagen.com\/wp-content\/uploads\/2018\/02\/DSCF1730-3-200x200.jpg 200w\" sizes=\"(max-width: 238px) 100vw, 238px\" \/><\/a><a href=\"https:\/\/kunst-im-bauwagen.com\/wp-content\/uploads\/2018\/02\/DSCF1709-2.jpg\"><img loading=\"lazy\" class=\"alignnone wp-image-341\" src=\"https:\/\/kunst-im-bauwagen.com\/wp-content\/uploads\/2018\/02\/DSCF1709-2-150x150.jpg\" alt=\"\" width=\"238\" height=\"238\" srcset=\"https:\/\/kunst-im-bauwagen.com\/wp-content\/uploads\/2018\/02\/DSCF1709-2-150x150.jpg 150w, https:\/\/kunst-im-bauwagen.com\/wp-content\/uploads\/2018\/02\/DSCF1709-2-200x200.jpg 200w\" sizes=\"(max-width: 238px) 100vw, 238px\" \/><\/a> <a href=\"https:\/\/kunst-im-bauwagen.com\/wp-content\/uploads\/2018\/02\/DSCF1489-2.jpg\"><img loading=\"lazy\" class=\"alignnone wp-image-337\" src=\"https:\/\/kunst-im-bauwagen.com\/wp-content\/uploads\/2018\/02\/DSCF1489-2-150x150.jpg\" alt=\"\" width=\"241\" height=\"241\" srcset=\"https:\/\/kunst-im-bauwagen.com\/wp-content\/uploads\/2018\/02\/DSCF1489-2-150x150.jpg 150w, https:\/\/kunst-im-bauwagen.com\/wp-content\/uploads\/2018\/02\/DSCF1489-2-200x200.jpg 200w\" sizes=\"(max-width: 241px) 100vw, 241px\" \/><\/a><a href=\"https:\/\/kunst-im-bauwagen.com\/wp-content\/uploads\/2018\/02\/DSCF1461-3.jpg\"><img loading=\"lazy\" class=\"alignnone wp-image-335\" src=\"https:\/\/kunst-im-bauwagen.com\/wp-content\/uploads\/2018\/02\/DSCF1461-3-150x150.jpg\" alt=\"\" width=\"241\" height=\"241\" srcset=\"https:\/\/kunst-im-bauwagen.com\/wp-content\/uploads\/2018\/02\/DSCF1461-3-150x150.jpg 150w, https:\/\/kunst-im-bauwagen.com\/wp-content\/uploads\/2018\/02\/DSCF1461-3-200x200.jpg 200w\" sizes=\"(max-width: 241px) 100vw, 241px\" \/><\/a><a href=\"https:\/\/kunst-im-bauwagen.com\/wp-content\/uploads\/2018\/02\/DSCF1440-3.jpg\"><img loading=\"lazy\" class=\"alignnone wp-image-334\" src=\"https:\/\/kunst-im-bauwagen.com\/wp-content\/uploads\/2018\/02\/DSCF1440-3-150x150.jpg\" alt=\"\" width=\"239\" height=\"239\" srcset=\"https:\/\/kunst-im-bauwagen.com\/wp-content\/uploads\/2018\/02\/DSCF1440-3-150x150.jpg 150w, https:\/\/kunst-im-bauwagen.com\/wp-content\/uploads\/2018\/02\/DSCF1440-3-200x200.jpg 200w\" sizes=\"(max-width: 239px) 100vw, 239px\" \/><\/a><a href=\"https:\/\/kunst-im-bauwagen.com\/wp-content\/uploads\/2018\/02\/DSCF1477-3.jpg\"><img loading=\"lazy\" class=\"alignnone wp-image-336\" src=\"https:\/\/kunst-im-bauwagen.com\/wp-content\/uploads\/2018\/02\/DSCF1477-3-150x150.jpg\" alt=\"\" width=\"237\" height=\"237\" srcset=\"https:\/\/kunst-im-bauwagen.com\/wp-content\/uploads\/2018\/02\/DSCF1477-3-150x150.jpg 150w, https:\/\/kunst-im-bauwagen.com\/wp-content\/uploads\/2018\/02\/DSCF1477-3-200x200.jpg 200w\" sizes=\"(max-width: 237px) 100vw, 237px\" \/><\/a><\/p>\n<table style=\"height: 108px;\" width=\"951\">\n<tbody>\n<tr>\n<td width=\"339\">\n<h6 style=\"text-align: center;\"><span style=\"color: #333300;\">Konfuzius sagt: &#8222;Was du mir sagst, das <a style=\"color: #333300;\" href=\"http:\/\/zitate.net\/vergessen-zitate\">vergesse<\/a> ich. Was du mir zeigst, daran erinnere ich mich. Was du mich tun l\u00e4sst, das verstehe ich!&#8220;<\/span><\/h6>\n<\/td>\n<\/tr>\n<\/tbody>\n<\/table>\n<p>In dieser Werkstatt m\u00f6chte ich mich nat\u00fcrlich selber verwirklichen, m\u00f6chte sie aber auch in bestimmten Umfang als \u201cOffene Werkstatt\u201d betreiben, wegen des kreativen Austausches, weil es einfach Spa\u00df macht und weil es hilft die Kosten zu reduzieren und den Ofen zu f\u00fcllen.<br \/>\nWeil die Werkstatt aber nicht sehr gro\u00df ist, und ich ungerne jemanden wegschicken m\u00f6chte, ist es wichtig sich vorher anzumelden, telefonisch oder per email.<\/p>\n<p><strong>Offene Werkstattzeiten <\/strong><\/p>\n<p>Donnerstag: 14-17 Uhr<a href=\"https:\/\/kunst-im-bauwagen.com\/wp-content\/uploads\/2018\/02\/DSCF1502-2.jpg\"><img loading=\"lazy\" class=\"alignright wp-image-338\" src=\"https:\/\/kunst-im-bauwagen.com\/wp-content\/uploads\/2018\/02\/DSCF1502-2-150x150.jpg\" alt=\"\" width=\"358\" height=\"358\" srcset=\"https:\/\/kunst-im-bauwagen.com\/wp-content\/uploads\/2018\/02\/DSCF1502-2-150x150.jpg 150w, https:\/\/kunst-im-bauwagen.com\/wp-content\/uploads\/2018\/02\/DSCF1502-2-300x300.jpg 300w, https:\/\/kunst-im-bauwagen.com\/wp-content\/uploads\/2018\/02\/DSCF1502-2-768x768.jpg 768w, https:\/\/kunst-im-bauwagen.com\/wp-content\/uploads\/2018\/02\/DSCF1502-2-1024x1024.jpg 1024w, https:\/\/kunst-im-bauwagen.com\/wp-content\/uploads\/2018\/02\/DSCF1502-2-200x200.jpg 200w\" sizes=\"(max-width: 358px) 100vw, 358px\" \/><\/a><br \/>\nFreitag: 14 &#8211; 17 Uhr oder nach Absprache<\/p>\n<p><strong>Kosten<\/strong><\/p>\n<p>pro Stunde: 5,00 \u20ac, Materialkosten sowie Kosten f\u00fcrs Brennen werden nach Verbrauch abgerechnet.<br \/>\n1 Stange Ton, 10 kg 10,00 \u20ac, fertiges Werkst\u00fcck 2 Br\u00e4nde\u00a0 mit Glasur, Engoben, Farbk\u00f6rpern 5,00 \u20ac\/kg (gewogen nach Brand).<\/p>\n<p><strong>Ausstattung: <\/strong><\/p>\n<p>Meine Werkstatt bietet Platz f\u00fcr 3-4 t\u00f6pfernde Menschen. Es gibt eine neue Schimpo-RK3D Drehscheibe und einen gro\u00dfen Brennofen, Pyrotec 163HD (h:69cm, d:55cm). Werkzeuge, Glasuren, Engoben und Farbk\u00f6rper, diverse Gipsformen sowie Fachliteratur sind vorhanden. Auch wenn ich w\u00e4hrend der offenen Werkstattzeiten keine T\u00f6pferkurse im eigentlichen Sinn geben werde, stehe ich jedem, der in meiner Werkstatt arbeitet mit Rat und Tat zur Seite.<\/p>\n<p><img loading=\"lazy\" class=\"alignnone wp-image-10\" src=\"https:\/\/kunst-im-bauwagen.com\/wp-content\/uploads\/2016\/05\/DSC_5783-1024x680.jpg\" alt=\"DSC_5783\" width=\"824\" height=\"547\" srcset=\"https:\/\/kunst-im-bauwagen.com\/wp-content\/uploads\/2016\/05\/DSC_5783-1024x680.jpg 1024w, https:\/\/kunst-im-bauwagen.com\/wp-content\/uploads\/2016\/05\/DSC_5783-300x199.jpg 300w, https:\/\/kunst-im-bauwagen.com\/wp-content\/uploads\/2016\/05\/DSC_5783-768x510.jpg 768w, https:\/\/kunst-im-bauwagen.com\/wp-content\/uploads\/2016\/05\/DSC_5783.jpg 1280w\" sizes=\"(max-width: 824px) 100vw, 824px\" \/><\/p>\n","protected":false},"excerpt":{"rendered":"<p>Die Arbeit mit Ton begleitet mich schon seit \u00fcber 20 Jahren.\u00a0 Im Laufe der Zeit hat sich die anf\u00e4ngliche Faszination durch das Kennenlernen der vielf\u00e4ltigen technischen und gestalterischen M\u00f6glichkeiten dieses Werkstoffes verst\u00e4rkt und zu einer immer st\u00e4rkeren Raum\u00a0 beanspruchenden Besch\u00e4ftigung entwickelt. Durch die ehrenamtliche Mitarbeit als Betreuerin in der T\u00f6pferwerkstatt des E-Werks konnte ich mein <a class=\"more-link\" href=\"https:\/\/kunst-im-bauwagen.com\/?page_id=2\">Weiterlesen&#8230;<\/a><\/p>\n","protected":false},"author":1,"featured_media":346,"parent":0,"menu_order":0,"comment_status":"closed","ping_status":"open","template":"","meta":[],"_links":{"self":[{"href":"https:\/\/kunst-im-bauwagen.com\/index.php?rest_route=\/wp\/v2\/pages\/2"}],"collection":[{"href":"https:\/\/kunst-im-bauwagen.com\/index.php?rest_route=\/wp\/v2\/pages"}],"about":[{"href":"https:\/\/kunst-im-bauwagen.com\/index.php?rest_route=\/wp\/v2\/types\/page"}],"author":[{"embeddable":true,"href":"https:\/\/kunst-im-bauwagen.com\/index.php?rest_route=\/wp\/v2\/users\/1"}],"replies":[{"embeddable":true,"href":"https:\/\/kunst-im-bauwagen.com\/index.php?rest_route=%2Fwp%2Fv2%2Fcomments&post=2"}],"version-history":[{"count":21,"href":"https:\/\/kunst-im-bauwagen.com\/index.php?rest_route=\/wp\/v2\/pages\/2\/revisions"}],"predecessor-version":[{"id":438,"href":"https:\/\/kunst-im-bauwagen.com\/index.php?rest_route=\/wp\/v2\/pages\/2\/revisions\/438"}],"wp:featuredmedia":[{"embeddable":true,"href":"https:\/\/kunst-im-bauwagen.com\/index.php?rest_route=\/wp\/v2\/media\/346"}],"wp:attachment":[{"href":"https:\/\/kunst-im-bauwagen.com\/index.php?rest_route=%2Fwp%2Fv2%2Fmedia&parent=2"}],"curies":[{"name":"wp","href":"https:\/\/api.w.org\/{rel}","templated":true}]}}